{"id":168,"date":"2021-08-16T23:23:54","date_gmt":"2021-08-16T21:23:54","guid":{"rendered":"https:\/\/nucabogados.com\/?page_id=168"},"modified":"2026-06-01T10:38:15","modified_gmt":"2026-06-01T08:38:15","slug":"contacto","status":"publish","type":"page","link":"https:\/\/nucabogados.com\/?page_id=168","title":{"rendered":"Contacto"},"content":{"rendered":"\t\t<div data-elementor-type=\"wp-page\" data-elementor-id=\"168\" class=\"elementor elementor-168\">\n\t\t\t\t<div class=\"elementor-element elementor-element-7d41acf9 e-flex e-con-boxed e-con e-parent\" data-id=\"7d41acf9\" data-element_type=\"container\" data-e-type=\"container\">\n\t\t\t\t\t<div class=\"e-con-inner\">\n\t\t\t\t<div class=\"elementor-element elementor-element-46cc3038 elementor-widget elementor-widget-text-editor\" data-id=\"46cc3038\" data-element_type=\"widget\" data-e-type=\"widget\" data-widget_type=\"text-editor.default\">\n\t\t\t\t\t\t\t\t\t\n<div class=\"wp-block-group alignfull has-background\" style=\"background-color: #e8e6e2;\"><div class=\"wp-block-group__inner-container is-layout-flow wp-block-group-is-layout-flow\">\n<div class=\"wp-block-spacer\" style=\"height: 60px;\" aria-hidden=\"true\">\u00a0<\/div>\n\n<div class=\"wp-block-columns alignwide is-layout-flex wp-container-core-columns-is-layout-8f761849 wp-block-columns-is-layout-flex\">\n<div class=\"wp-block-column is-layout-flow wp-block-column-is-layout-flow\" style=\"flex-basis: 50%;\">\n<h3 class=\"wp-block-heading\" id=\"contacto\" style=\"font-size: 50px;\">Contacto<\/h3>\n\n<p class=\"wp-block-paragraph\" style=\"font-size: 20px;\">\u00a0<\/p>\n\n<p class=\"contacto-one wp-block-paragraph\" style=\"font-size: 20px;\"><a href=\"mailto:noelia.ubeda@nucabogados.com\">noelia.ubeda@nucabogados.com<\/a><br \/>Tel\u00e9fono m\u00f3vil: (+34) 641 329 117<\/p>\n\n<h6 class=\"wp-block-heading\" id=\"horario\">Horario<\/h6>\n\n<p class=\"contacto-two wp-block-paragraph\" style=\"font-size: 20px;\"><strong>General<\/strong>: Lunes a Viernes de 9-14h y de 16-19h<br \/><a href=\"mailto:noelia.ubeda@nucabogados.com\">Horario flexible con cita previa (Tambi\u00e9n s\u00e1bados por la ma\u00f1ana<\/a>)<\/p>\n<\/div>\n\n<div class=\"wp-block-column is-layout-flow wp-block-column-is-layout-flow\" style=\"flex-basis: 50%;\"><\/div>\n<\/div>\n\n<div class=\"wp-block-spacer\" style=\"height: 28px;\" aria-hidden=\"true\">\u00a0<\/div>\n\n<div class=\"wp-block-columns alignwide are-vertically-aligned-center is-layout-flex wp-container-core-columns-is-layout-8f761849 wp-block-columns-is-layout-flex\">\n<div class=\"wp-block-column is-vertically-aligned-center is-layout-flow wp-block-column-is-layout-flow\" style=\"flex-basis: 33.33%;\">\n<h6 id=\"oficina-central\" class=\"alignwide main-office-header wp-block-heading\" style=\"line-height: 0.3;\">Oficina central<\/h6>\n\n<p class=\"main-office wp-block-paragraph\" style=\"font-size: 20px;\">Avenida de Alicante, 26.<br \/>03820 Cocentaina, Complejo comercial Gormaig.<br \/>Alcoy &#8211; Alicante.<\/p>\n<\/div>\n\n<div class=\"wp-block-column is-vertically-aligned-center is-layout-flow wp-block-column-is-layout-flow\" style=\"flex-basis: 66.66%;\">\n<div class=\"wp-block-coblocks-map\" style=\"min-height: 200px;\" data-map-attr=\"\/qaddress\/q:\/qAv. d'Alacant, 26 Cocentaina\/q||\/qlat\/q:\/qundefined\/q||\/qlng\/q:\/qundefined\/q||\/qskin\/q:\/qstandard\/q||\/qzoom\/q:\/q17\/q||\/qiconSize\/q:\/q36\/q||\/qmapTypeControl\/q:\/qtrue\/q||\/qzoomControl\/q:\/qtrue\/q||\/qstreetViewControl\/q:\/qtrue\/q||\/qfullscreenControl\/q:\/qtrue\/q\"><iframe style=\"width: 100%; min-height: 200px;\" title=\"Google Map\" src=\"https:\/\/www.google.com\/maps?q=Av.%20d'Alacant%2C%2026%20Cocentaina&amp;output=embed&amp;hl=es&amp;z=17\" frameborder=\"0\"><\/iframe><\/div>\n<\/div>\n<\/div>\n\n<div class=\"wp-block-columns alignwide are-vertically-aligned-center is-layout-flex wp-container-core-columns-is-layout-8f761849 wp-block-columns-is-layout-flex\">\n<div class=\"wp-block-column is-vertically-aligned-center is-layout-flow wp-block-column-is-layout-flow\" style=\"flex-basis: 33.33%;\">\n<h6 id=\"sede\" class=\"second-office-header wp-block-heading\" style=\"line-height: 0.3;\">Sede<\/h6>\n\n<p class=\"second-office wp-block-paragraph\" style=\"font-size: 20px;\">Avenida Marqu\u00e9s del Turia, 35. <br \/>3 puerta 8.<br \/>46005, Valencia.<\/p>\n<\/div>\n\n<div class=\"wp-block-column is-vertically-aligned-center is-layout-flow wp-block-column-is-layout-flow\" style=\"flex-basis: 66.66%;\">\n<div class=\"wp-block-coblocks-map\" style=\"min-height: 200px;\" data-map-attr=\"\/qaddress\/q:\/qAvenida marques del Turia, 35 Valencia\/q||\/qlat\/q:\/qundefined\/q||\/qlng\/q:\/qundefined\/q||\/qskin\/q:\/qstandard\/q||\/qzoom\/q:\/q17\/q||\/qiconSize\/q:\/q36\/q||\/qmapTypeControl\/q:\/qtrue\/q||\/qzoomControl\/q:\/qtrue\/q||\/qstreetViewControl\/q:\/qtrue\/q||\/qfullscreenControl\/q:\/qtrue\/q\"><iframe style=\"width: 100%; min-height: 200px;\" title=\"Google Map\" src=\"https:\/\/www.google.com\/maps?q=Avenida%20marques%20del%20Turia%2C%2035%20Valencia&amp;output=embed&amp;hl=es&amp;z=17\" frameborder=\"0\"><\/iframe><\/div>\n<\/div>\n<\/div>\n\n<div class=\"wp-block-spacer\" style=\"height: 60px;\" aria-hidden=\"true\">\u00a0<\/div>\n<\/div><\/div>\n\n<p class=\"wp-block-paragraph\">\u00a0<\/p>\n\n<p>\u00a0<\/p>\t\t\t\t\t\t\t\t<\/div>\n\t\t\t\t\t<\/div>\n\t\t\t\t<\/div>\n\t\t\t\t<\/div>\n\t\t","protected":false},"excerpt":{"rendered":"<p>Contacto \u00a0 noelia.ubeda@nucabogados.comTel\u00e9fono m\u00f3vil: (+34) 641 329 117 Horario General: Lunes a Viernes de 9-14h y de 16-19hHorario flexible con cita previa (Tambi\u00e9n s\u00e1bados por la ma\u00f1ana) Oficina central Avenida de Alicante, 26.03820 Cocentaina, Complejo comercial Gormaig.Alcoy &#8211; Alicante. Sede Avenida Marqu\u00e9s del Turia, 35. 3 puerta 8.46005, Valencia. \u00a0 \u00a0<\/p>\n<a class=\"read-more-link\" href=\" https:\/\/nucabogados.com\/?page_id=168 \">Read More<\/a>","protected":false},"author":207752652,"featured_media":0,"parent":0,"menu_order":4,"comment_status":"closed","ping_status":"closed","template":"","meta":{"_coblocks_attr":"","_coblocks_dimensions":"","_coblocks_responsive_height":"","_coblocks_accordion_ie_support":"","_starter_page_template":"contact-6","_wpcom_template_layout_category":[],"footnotes":""},"class_list":["post-168","page","type-page","status-publish","hentry","no-featured-image"],"amp_enabled":true,"_links":{"self":[{"href":"https:\/\/nucabogados.com\/index.php?rest_route=\/wp\/v2\/pages\/168","targetHints":{"allow":["GET"]}}],"collection":[{"href":"https:\/\/nucabogados.com\/index.php?rest_route=\/wp\/v2\/pages"}],"about":[{"href":"https:\/\/nucabogados.com\/index.php?rest_route=\/wp\/v2\/types\/page"}],"author":[{"embeddable":true,"href":"https:\/\/nucabogados.com\/index.php?rest_route=\/wp\/v2\/users\/207752652"}],"replies":[{"embeddable":true,"href":"https:\/\/nucabogados.com\/index.php?rest_route=%2Fwp%2Fv2%2Fcomments&post=168"}],"version-history":[{"count":47,"href":"https:\/\/nucabogados.com\/index.php?rest_route=\/wp\/v2\/pages\/168\/revisions"}],"predecessor-version":[{"id":1163,"href":"https:\/\/nucabogados.com\/index.php?rest_route=\/wp\/v2\/pages\/168\/revisions\/1163"}],"wp:attachment":[{"href":"https:\/\/nucabogados.com\/index.php?rest_route=%2Fwp%2Fv2%2Fmedia&parent=168"}],"curies":[{"name":"wp","href":"https:\/\/api.w.org\/{rel}","templated":true}]}}